{"id":8,"date":"2022-03-23T09:18:18","date_gmt":"2022-03-23T09:18:18","guid":{"rendered":"http:\/\/chefamadeoandorra.com\/?page_id=8"},"modified":"2025-04-24T18:31:24","modified_gmt":"2025-04-24T18:31:24","slug":"inicio","status":"publish","type":"page","link":"https:\/\/chefamadeoandorra.com\/","title":{"rendered":"Inicio"},"content":{"rendered":"<p>[et_pb_section fb_built=\u00bb1&#8243; fullwidth=\u00bbon\u00bb admin_label=\u00bbcarrusel fotos\u00bb _builder_version=\u00bb4.17.3&#8243; _module_preset=\u00bbdefault\u00bb custom_margin=\u00bb-28px||4px||false|false\u00bb global_colors_info=\u00bb{}\u00bb][et_pb_fullwidth_slider _builder_version=\u00bb4.27.4&#8243; _module_preset=\u00bbdefault\u00bb background_image=\u00bbhttps:\/\/chefamadeoandorra.com\/wp-content\/uploads\/2022\/04\/chefamadeoandorra-sala.jpg\u00bb min_height=\u00bb625.1px\u00bb custom_margin=\u00bb28px|||||\u00bb global_colors_info=\u00bb{}\u00bb][et_pb_slide _builder_version=\u00bb4.27.4&#8243; _module_preset=\u00bbdefault\u00bb background_color=\u00bbrgba(114,114,114,0.78)\u00bb background_enable_color=\u00bbon\u00bb background_image=\u00bbhttps:\/\/chefamadeoandorra.com\/wp-content\/uploads\/2022\/04\/chefamadeoandorra-vieras.jpg\u00bb background_enable_image=\u00bbon\u00bb global_colors_info=\u00bb{}\u00bb sticky_transition=\u00bbon\u00bb][\/et_pb_slide][et_pb_slide _builder_version=\u00bb4.27.4&#8243; _module_preset=\u00bbdefault\u00bb background_image=\u00bbhttps:\/\/chefamadeoandorra.com\/wp-content\/uploads\/2023\/07\/cigala-scaled.jpg\u00bb background_enable_image=\u00bbon\u00bb global_colors_info=\u00bb{}\u00bb sticky_transition=\u00bbon\u00bb][\/et_pb_slide][et_pb_slide _builder_version=\u00bb4.27.4&#8243; _module_preset=\u00bbdefault\u00bb background_image=\u00bbhttps:\/\/chefamadeoandorra.com\/wp-content\/uploads\/2022\/04\/chefamadeoandorra-almejas.jpg\u00bb background_enable_image=\u00bbon\u00bb global_colors_info=\u00bb{}\u00bb sticky_transition=\u00bbon\u00bb][\/et_pb_slide][\/et_pb_fullwidth_slider][\/et_pb_section][et_pb_section fb_built=\u00bb1&#8243; _builder_version=\u00bb4.17.3&#8243; _module_preset=\u00bbdefault\u00bb global_colors_info=\u00bb{}\u00bb][et_pb_row _builder_version=\u00bb4.17.3&#8243; _module_preset=\u00bbdefault\u00bb global_colors_info=\u00bb{}\u00bb][et_pb_column type=\u00bb4_4&#8243; _builder_version=\u00bb4.17.3&#8243; _module_preset=\u00bbdefault\u00bb global_colors_info=\u00bb{}\u00bb][et_pb_text _builder_version=\u00bb4.22.2&#8243; _module_preset=\u00bbdefault\u00bb header_text_align=\u00bbcenter\u00bb header_font_size=\u00bb34px\u00bb header_font_size_tablet=\u00bb34px\u00bb header_font_size_phone=\u00bb20px\u00bb header_font_size_last_edited=\u00bbon|phone\u00bb global_colors_info=\u00bb{}\u00bb]<\/p>\n<h1>Descubre la aut\u00e9ntica cocina valenciana en <strong>Andorra<\/strong><\/h1>\n<p>[\/et_pb_text][\/et_pb_column][\/et_pb_row][\/et_pb_section][et_pb_section fb_built=\u00bb1&#8243; _builder_version=\u00bb4.17.3&#8243; _module_preset=\u00bbdefault\u00bb global_colors_info=\u00bb{}\u00bb][et_pb_row column_structure=\u00bb1_2,1_2&#8243; use_custom_gutter=\u00bbon\u00bb gutter_width=\u00bb2&#8243; _builder_version=\u00bb4.17.3&#8243; _module_preset=\u00bbdefault\u00bb transform_scale=\u00bb128%|128%\u00bb transform_scale_tablet=\u00bb128%|128%\u00bb transform_scale_phone=\u00bb98%|98%\u00bb transform_scale_last_edited=\u00bbon|phone\u00bb global_colors_info=\u00bb{}\u00bb][et_pb_column type=\u00bb1_2&#8243; _builder_version=\u00bb4.17.3&#8243; _module_preset=\u00bbdefault\u00bb global_colors_info=\u00bb{}\u00bb][et_pb_image src=\u00bbhttps:\/\/chefamadeoandorra.com\/wp-content\/uploads\/2022\/04\/chefamadeoandorra-sala-2-e1742577689860.jpg\u00bb title_text=\u00bbchefamadeoandorra-sala-2&#8243; admin_label=\u00bbmenjador\u00bb _builder_version=\u00bb4.27.4&#8243; _module_preset=\u00bbdefault\u00bb global_colors_info=\u00bb{}\u00bb][\/et_pb_image][\/et_pb_column][et_pb_column type=\u00bb1_2&#8243; _builder_version=\u00bb4.17.3&#8243; _module_preset=\u00bbdefault\u00bb global_colors_info=\u00bb{}\u00bb][et_pb_image src=\u00bbhttps:\/\/chefamadeoandorra.com\/wp-content\/uploads\/2025\/03\/0ac0f076-42e2-44b9-af58-943a86af34e7-e1742577582418.jpg\u00bb title_text=\u00bb0ac0f076-42e2-44b9-af58-943a86af34e7&#8243; admin_label=\u00bbesglesia\u00bb _builder_version=\u00bb4.27.4&#8243; _module_preset=\u00bbdefault\u00bb global_colors_info=\u00bb{}\u00bb][\/et_pb_image][\/et_pb_column][\/et_pb_row][\/et_pb_section][et_pb_section fb_built=\u00bb1&#8243; _builder_version=\u00bb4.17.3&#8243; _module_preset=\u00bbdefault\u00bb custom_margin=\u00bb||23px|||\u00bb global_colors_info=\u00bb{}\u00bb][et_pb_row column_structure=\u00bb1_2,1_2&#8243; _builder_version=\u00bb4.17.3&#8243; _module_preset=\u00bbdefault\u00bb min_height=\u00bb322.8px\u00bb global_colors_info=\u00bb{}\u00bb][et_pb_column type=\u00bb1_2&#8243; _builder_version=\u00bb4.17.3&#8243; _module_preset=\u00bbdefault\u00bb global_colors_info=\u00bb{}\u00bb][et_pb_text _builder_version=\u00bb4.17.3&#8243; _module_preset=\u00bbdefault\u00bb global_colors_info=\u00bb{}\u00bb]<\/p>\n<h1>La experiencia de la cocina valenciana.<\/h1>\n<p>[\/et_pb_text][et_pb_text _builder_version=\u00bb4.17.3&#8243; _module_preset=\u00bbdefault\u00bb global_colors_info=\u00bb{}\u00bb]<\/p>\n<p><span>Queremos que vivas una experiencia \u00fanica,<\/span><\/p>\n<p>que conozcas la cocina valenciana<\/p>\n<p>elaborada con los productos m\u00e1s frescos.<\/p>\n<p>[\/et_pb_text][\/et_pb_column][et_pb_column type=\u00bb1_2&#8243; _builder_version=\u00bb4.17.3&#8243; _module_preset=\u00bbdefault\u00bb global_colors_info=\u00bb{}\u00bb][et_pb_text _builder_version=\u00bb4.27.4&#8243; _module_preset=\u00bbdefault\u00bb header_text_align=\u00bbjustify\u00bb header_font_size=\u00bb15px\u00bb header_line_height=\u00bb1.3em\u00bb hover_enabled=\u00bb0&#8243; global_colors_info=\u00bb{}\u00bb sticky_enabled=\u00bb0&#8243;]<\/p>\n<p>Descubre la aut\u00e9ntica cocina valenciana en Andorra. En Santa Coloma, frente a la iglesia rom\u00e1nica,<span data-no-translate=\"true\"> Amadeo Faus<\/span>, gran conocedor de la cocina tradicional valenciana, pone en tu mesa los platos m\u00e1s ic\u00f3nicos de la gastronom\u00eda valenciana. La paella valenciana con sus versiones seg\u00fan temporada, con jud\u00edas o con habas, la de bacalao y coliflor o arroces como el a banda o el negro \u00a0o las calderetas de langosta, bogavante, cigalitas o gamba roja y como no, la aut\u00e9ntica Fideu\u00e0 de Gandia.<br \/>Perpetuamos la tradici\u00f3n y ponemos nuestro peque\u00f1o toque de modernidad, con mucho respeto al producto, a las recetas y a la sabidur\u00eda popular.<\/p>\n<p>[\/et_pb_text][\/et_pb_column][\/et_pb_row][et_pb_row column_structure=\u00bb1_3,1_3,1_3&#8243; use_custom_gutter=\u00bbon\u00bb gutter_width=\u00bb2&#8243; _builder_version=\u00bb4.17.3&#8243; _module_preset=\u00bbdefault\u00bb transform_scale=\u00bb128%|128%\u00bb transform_scale_tablet=\u00bb128%|128%\u00bb transform_scale_phone=\u00bb98%|98%\u00bb transform_scale_last_edited=\u00bbon|phone\u00bb min_height=\u00bb71.8px\u00bb custom_margin_tablet=\u00bb\u00bb custom_margin_phone=\u00bb42px||||false|false\u00bb custom_margin_last_edited=\u00bbon|phone\u00bb global_colors_info=\u00bb{}\u00bb][et_pb_column type=\u00bb1_3&#8243; _builder_version=\u00bb4.17.3&#8243; _module_preset=\u00bbdefault\u00bb global_colors_info=\u00bb{}\u00bb][et_pb_image src=\u00bbhttps:\/\/chefamadeoandorra.com\/wp-content\/uploads\/2025\/03\/IMG_5347.jpg\u00bb title_text=\u00bbIMG_5347&#8243; _builder_version=\u00bb4.27.4&#8243; _module_preset=\u00bbdefault\u00bb global_colors_info=\u00bb{}\u00bb][\/et_pb_image][\/et_pb_column][et_pb_column type=\u00bb1_3&#8243; _builder_version=\u00bb4.17.3&#8243; _module_preset=\u00bbdefault\u00bb global_colors_info=\u00bb{}\u00bb][et_pb_image src=\u00bbhttps:\/\/chefamadeoandorra.com\/wp-content\/uploads\/2025\/03\/IMG_4997.jpg\u00bb title_text=\u00bbIMG_4997&#8243; _builder_version=\u00bb4.27.4&#8243; _module_preset=\u00bbdefault\u00bb global_colors_info=\u00bb{}\u00bb][\/et_pb_image][\/et_pb_column][et_pb_column type=\u00bb1_3&#8243; _builder_version=\u00bb4.17.3&#8243; _module_preset=\u00bbdefault\u00bb global_colors_info=\u00bb{}\u00bb][et_pb_image src=\u00bbhttps:\/\/chefamadeoandorra.com\/wp-content\/uploads\/2025\/03\/IMG_6459-e1742578120121.jpg\u00bb title_text=\u00bbIMG_6459&#8243; _builder_version=\u00bb4.27.4&#8243; _module_preset=\u00bbdefault\u00bb global_colors_info=\u00bb{}\u00bb][\/et_pb_image][\/et_pb_column][\/et_pb_row][\/et_pb_section][et_pb_section fb_built=\u00bb1&#8243; _builder_version=\u00bb4.21.0&#8243; _module_preset=\u00bbdefault\u00bb global_colors_info=\u00bb{}\u00bb][et_pb_row _builder_version=\u00bb4.21.0&#8243; _module_preset=\u00bbdefault\u00bb global_colors_info=\u00bb{}\u00bb][et_pb_column type=\u00bb4_4&#8243; _builder_version=\u00bb4.21.0&#8243; _module_preset=\u00bbdefault\u00bb global_colors_info=\u00bb{}\u00bb][et_pb_text admin_label=\u00bbmoment dol\u00e7\u00bb _builder_version=\u00bb4.21.0&#8243; _module_preset=\u00bbdefault\u00bb header_text_align=\u00bbcenter\u00bb header_font_size=\u00bb34px\u00bb header_font_size_tablet=\u00bb34px\u00bb header_font_size_phone=\u00bb20px\u00bb header_font_size_last_edited=\u00bbon|phone\u00bb global_colors_info=\u00bb{}\u00bb]<\/p>\n<h1>Momento dulce<\/h1>\n<p>[\/et_pb_text][\/et_pb_column][\/et_pb_row][\/et_pb_section][et_pb_section fb_built=\u00bb1&#8243; _builder_version=\u00bb4.21.0&#8243; _module_preset=\u00bbdefault\u00bb global_colors_info=\u00bb{}\u00bb][et_pb_row column_structure=\u00bb1_3,1_3,1_3&#8243; use_custom_gutter=\u00bbon\u00bb gutter_width=\u00bb2&#8243; admin_label=\u00bbpostres\u00bb _builder_version=\u00bb4.21.0&#8243; _module_preset=\u00bbdefault\u00bb transform_scale=\u00bb128%|128%\u00bb transform_scale_tablet=\u00bb128%|128%\u00bb transform_scale_phone=\u00bb98%|98%\u00bb transform_scale_last_edited=\u00bbon|phone\u00bb transform_translate_tablet=\u00bb\u00bb transform_translate_phone=\u00bb\u00bb transform_translate_last_edited=\u00bbon|desktop\u00bb transform_rotate_tablet=\u00bb\u00bb transform_rotate_phone=\u00bb\u00bb transform_rotate_last_edited=\u00bbon|desktop\u00bb transform_skew_tablet=\u00bb\u00bb transform_skew_phone=\u00bb\u00bb transform_skew_last_edited=\u00bbon|desktop\u00bb transform_origin_tablet=\u00bb\u00bb transform_origin_phone=\u00bb\u00bb transform_origin_last_edited=\u00bbon|desktop\u00bb transform_styles_last_edited=\u00bbon|phone\u00bb transform_styles_tablet=\u00bb\u00bb transform_styles_phone=\u00bb\u00bb global_colors_info=\u00bb{}\u00bb][et_pb_column type=\u00bb1_3&#8243; _builder_version=\u00bb4.17.3&#8243; _module_preset=\u00bbdefault\u00bb global_colors_info=\u00bb{}\u00bb][et_pb_image src=\u00bbhttps:\/\/chefamadeoandorra.com\/wp-content\/uploads\/2025\/03\/IMG_3438-e1741091273757.jpg\u00bb title_text=\u00bbIMG_3438&#8243; _builder_version=\u00bb4.27.4&#8243; _module_preset=\u00bbdefault\u00bb global_colors_info=\u00bb{}\u00bb][\/et_pb_image][\/et_pb_column][et_pb_column type=\u00bb1_3&#8243; _builder_version=\u00bb4.17.3&#8243; _module_preset=\u00bbdefault\u00bb global_colors_info=\u00bb{}\u00bb][et_pb_image src=\u00bbhttps:\/\/chefamadeoandorra.com\/wp-content\/uploads\/2025\/03\/IMG_3120-e1741091449143.jpg\u00bb title_text=\u00bbIMG_3120&#8243; _builder_version=\u00bb4.21.0&#8243; _module_preset=\u00bbdefault\u00bb global_colors_info=\u00bb{}\u00bb][\/et_pb_image][\/et_pb_column][et_pb_column type=\u00bb1_3&#8243; _builder_version=\u00bb4.17.3&#8243; _module_preset=\u00bbdefault\u00bb global_colors_info=\u00bb{}\u00bb][et_pb_image src=\u00bbhttps:\/\/chefamadeoandorra.com\/wp-content\/uploads\/2025\/03\/IMG_3114-e1741091712327.jpg\u00bb title_text=\u00bbIMG_3114&#8243; _builder_version=\u00bb4.27.4&#8243; _module_preset=\u00bbdefault\u00bb global_colors_info=\u00bb{}\u00bb][\/et_pb_image][\/et_pb_column][\/et_pb_row][\/et_pb_section][et_pb_section fb_built=\u00bb1&#8243; _builder_version=\u00bb4.17.3&#8243; _module_preset=\u00bbdefault\u00bb collapsed=\u00bboff\u00bb global_colors_info=\u00bb{}\u00bb][et_pb_row _builder_version=\u00bb4.17.3&#8243; _module_preset=\u00bbdefault\u00bb global_colors_info=\u00bb{}\u00bb][et_pb_column type=\u00bb4_4&#8243; _builder_version=\u00bb4.17.3&#8243; _module_preset=\u00bbdefault\u00bb global_colors_info=\u00bb{}\u00bb][et_pb_text _builder_version=\u00bb4.21.0&#8243; _module_preset=\u00bbdefault\u00bb header_font_size_tablet=\u00bb\u00bb header_font_size_phone=\u00bb20px\u00bb header_font_size_last_edited=\u00bbon|phone\u00bb global_colors_info=\u00bb{}\u00bb]<\/p>\n<h1>Seleccionamos nuestros productos personalmente, directamente en los mercados.<\/h1>\n<p>[\/et_pb_text][\/et_pb_column][\/et_pb_row][\/et_pb_section][et_pb_section fb_built=\u00bb1&#8243; fullwidth=\u00bbon\u00bb _builder_version=\u00bb4.17.3&#8243; _module_preset=\u00bbdefault\u00bb collapsed=\u00bboff\u00bb global_colors_info=\u00bb{}\u00bb][et_pb_fullwidth_image src=\u00bbhttps:\/\/chefamadeoandorra.com\/wp-content\/uploads\/2022\/03\/Chefamadeoandorra-paella-1-e1690363304362.jpeg\u00bb title_text=\u00bbChefamadeoandorra-paella\u00bb _builder_version=\u00bb4.27.4&#8243; _module_preset=\u00bbdefault\u00bb global_colors_info=\u00bb{}\u00bb][\/et_pb_fullwidth_image][\/et_pb_section]<\/p>\n","protected":false},"excerpt":{"rendered":"<p>Descubre la aut\u00e9ntica cocina valenciana en AndorraLa experiencia de la cocina valenciana.Queremos que vivas una experiencia \u00fanica, que conozcas la cocina valenciana elaborada con los productos m\u00e1s frescos.Descubre la aut\u00e9ntica cocina valenciana en Andorra. En Santa Coloma, frente a la iglesia rom\u00e1nica, Amadeo Faus, gran conocedor de la cocina tradicional valenciana, pone en tu mesa [&hellip;]<\/p>\n","protected":false},"author":1,"featured_media":0,"parent":0,"menu_order":0,"comment_status":"closed","ping_status":"closed","template":"","meta":{"_et_pb_use_builder":"on","_et_pb_old_content":"","_et_gb_content_width":"","footnotes":""},"class_list":["post-8","page","type-page","status-publish","hentry"],"yoast_head":"<!-- This site is optimized with the Yoast SEO plugin v27.4 - https:\/\/yoast.com\/product\/yoast-seo-wordpress\/ -->\n<title>Inicio - Chefamadeo<\/title>\n<meta name=\"robots\" content=\"index, follow, max-snippet:-1, max-image-preview:large, max-video-preview:-1\" \/>\n<link rel=\"canonical\" href=\"https:\/\/chefamadeoandorra.com\/\" \/>\n<meta property=\"og:locale\" content=\"es_ES\" \/>\n<meta property=\"og:type\" content=\"article\" \/>\n<meta property=\"og:title\" content=\"Inicio - Chefamadeo\" \/>\n<meta property=\"og:description\" content=\"Descubre la aut\u00e9ntica cocina valenciana en AndorraLa experiencia de la cocina valenciana.Queremos que vivas una experiencia \u00fanica, que conozcas la cocina valenciana elaborada con los productos m\u00e1s frescos.Descubre la aut\u00e9ntica cocina valenciana en Andorra. En Santa Coloma, frente a la iglesia rom\u00e1nica, Amadeo Faus, gran conocedor de la cocina tradicional valenciana, pone en tu mesa [&hellip;]\" \/>\n<meta property=\"og:url\" content=\"https:\/\/chefamadeoandorra.com\/\" \/>\n<meta property=\"og:site_name\" content=\"Chefamadeo\" \/>\n<meta property=\"article:modified_time\" content=\"2025-04-24T18:31:24+00:00\" \/>\n<meta name=\"twitter:card\" content=\"summary_large_image\" \/>\n<meta name=\"twitter:label1\" content=\"Tiempo de lectura\" \/>\n\t<meta name=\"twitter:data1\" content=\"3 minutos\" \/>\n<script type=\"application\/ld+json\" class=\"yoast-schema-graph\">{\"@context\":\"https:\\\/\\\/schema.org\",\"@graph\":[{\"@type\":\"WebPage\",\"@id\":\"https:\\\/\\\/chefamadeoandorra.com\\\/\",\"url\":\"https:\\\/\\\/chefamadeoandorra.com\\\/\",\"name\":\"Inicio - Chefamadeo\",\"isPartOf\":{\"@id\":\"https:\\\/\\\/chefamadeoandorra.com\\\/#website\"},\"datePublished\":\"2022-03-23T09:18:18+00:00\",\"dateModified\":\"2025-04-24T18:31:24+00:00\",\"breadcrumb\":{\"@id\":\"https:\\\/\\\/chefamadeoandorra.com\\\/#breadcrumb\"},\"inLanguage\":\"es\",\"potentialAction\":[{\"@type\":\"ReadAction\",\"target\":[\"https:\\\/\\\/chefamadeoandorra.com\\\/\"]}]},{\"@type\":\"BreadcrumbList\",\"@id\":\"https:\\\/\\\/chefamadeoandorra.com\\\/#breadcrumb\",\"itemListElement\":[{\"@type\":\"ListItem\",\"position\":1,\"name\":\"Portada\",\"item\":\"https:\\\/\\\/chefamadeoandorra.com\\\/\"},{\"@type\":\"ListItem\",\"position\":2,\"name\":\"Inicio\"}]},{\"@type\":\"WebSite\",\"@id\":\"https:\\\/\\\/chefamadeoandorra.com\\\/#website\",\"url\":\"https:\\\/\\\/chefamadeoandorra.com\\\/\",\"name\":\"Chefamadeo\",\"description\":\"El Caloret de Gandia\",\"publisher\":{\"@id\":\"https:\\\/\\\/chefamadeoandorra.com\\\/#organization\"},\"potentialAction\":[{\"@type\":\"SearchAction\",\"target\":{\"@type\":\"EntryPoint\",\"urlTemplate\":\"https:\\\/\\\/chefamadeoandorra.com\\\/?s={search_term_string}\"},\"query-input\":{\"@type\":\"PropertyValueSpecification\",\"valueRequired\":true,\"valueName\":\"search_term_string\"}}],\"inLanguage\":\"es\"},{\"@type\":\"Organization\",\"@id\":\"https:\\\/\\\/chefamadeoandorra.com\\\/#organization\",\"name\":\"Chefamadeoandorra\",\"url\":\"https:\\\/\\\/chefamadeoandorra.com\\\/\",\"logo\":{\"@type\":\"ImageObject\",\"inLanguage\":\"es\",\"@id\":\"https:\\\/\\\/chefamadeoandorra.com\\\/#\\\/schema\\\/logo\\\/image\\\/\",\"url\":\"https:\\\/\\\/chefamadeoandorra.com\\\/wp-content\\\/uploads\\\/2022\\\/03\\\/logo-amadeo-ANDORRA.jpeg\",\"contentUrl\":\"https:\\\/\\\/chefamadeoandorra.com\\\/wp-content\\\/uploads\\\/2022\\\/03\\\/logo-amadeo-ANDORRA.jpeg\",\"width\":867,\"height\":379,\"caption\":\"Chefamadeoandorra\"},\"image\":{\"@id\":\"https:\\\/\\\/chefamadeoandorra.com\\\/#\\\/schema\\\/logo\\\/image\\\/\"}}]}<\/script>\n<!-- \/ Yoast SEO plugin. -->","yoast_head_json":{"title":"Inicio - Chefamadeo","robots":{"index":"index","follow":"follow","max-snippet":"max-snippet:-1","max-image-preview":"max-image-preview:large","max-video-preview":"max-video-preview:-1"},"canonical":"https:\/\/chefamadeoandorra.com\/","og_locale":"es_ES","og_type":"article","og_title":"Inicio - Chefamadeo","og_description":"Descubre la aut\u00e9ntica cocina valenciana en AndorraLa experiencia de la cocina valenciana.Queremos que vivas una experiencia \u00fanica, que conozcas la cocina valenciana elaborada con los productos m\u00e1s frescos.Descubre la aut\u00e9ntica cocina valenciana en Andorra. En Santa Coloma, frente a la iglesia rom\u00e1nica, Amadeo Faus, gran conocedor de la cocina tradicional valenciana, pone en tu mesa [&hellip;]","og_url":"https:\/\/chefamadeoandorra.com\/","og_site_name":"Chefamadeo","article_modified_time":"2025-04-24T18:31:24+00:00","twitter_card":"summary_large_image","twitter_misc":{"Tiempo de lectura":"3 minutos"},"schema":{"@context":"https:\/\/schema.org","@graph":[{"@type":"WebPage","@id":"https:\/\/chefamadeoandorra.com\/","url":"https:\/\/chefamadeoandorra.com\/","name":"Inicio - Chefamadeo","isPartOf":{"@id":"https:\/\/chefamadeoandorra.com\/#website"},"datePublished":"2022-03-23T09:18:18+00:00","dateModified":"2025-04-24T18:31:24+00:00","breadcrumb":{"@id":"https:\/\/chefamadeoandorra.com\/#breadcrumb"},"inLanguage":"es","potentialAction":[{"@type":"ReadAction","target":["https:\/\/chefamadeoandorra.com\/"]}]},{"@type":"BreadcrumbList","@id":"https:\/\/chefamadeoandorra.com\/#breadcrumb","itemListElement":[{"@type":"ListItem","position":1,"name":"Portada","item":"https:\/\/chefamadeoandorra.com\/"},{"@type":"ListItem","position":2,"name":"Inicio"}]},{"@type":"WebSite","@id":"https:\/\/chefamadeoandorra.com\/#website","url":"https:\/\/chefamadeoandorra.com\/","name":"Chefamadeo","description":"El Caloret de Gandia","publisher":{"@id":"https:\/\/chefamadeoandorra.com\/#organization"},"potentialAction":[{"@type":"SearchAction","target":{"@type":"EntryPoint","urlTemplate":"https:\/\/chefamadeoandorra.com\/?s={search_term_string}"},"query-input":{"@type":"PropertyValueSpecification","valueRequired":true,"valueName":"search_term_string"}}],"inLanguage":"es"},{"@type":"Organization","@id":"https:\/\/chefamadeoandorra.com\/#organization","name":"Chefamadeoandorra","url":"https:\/\/chefamadeoandorra.com\/","logo":{"@type":"ImageObject","inLanguage":"es","@id":"https:\/\/chefamadeoandorra.com\/#\/schema\/logo\/image\/","url":"https:\/\/chefamadeoandorra.com\/wp-content\/uploads\/2022\/03\/logo-amadeo-ANDORRA.jpeg","contentUrl":"https:\/\/chefamadeoandorra.com\/wp-content\/uploads\/2022\/03\/logo-amadeo-ANDORRA.jpeg","width":867,"height":379,"caption":"Chefamadeoandorra"},"image":{"@id":"https:\/\/chefamadeoandorra.com\/#\/schema\/logo\/image\/"}}]}},"_links":{"self":[{"href":"https:\/\/chefamadeoandorra.com\/index.php\/wp-json\/wp\/v2\/pages\/8","targetHints":{"allow":["GET"]}}],"collection":[{"href":"https:\/\/chefamadeoandorra.com\/index.php\/wp-json\/wp\/v2\/pages"}],"about":[{"href":"https:\/\/chefamadeoandorra.com\/index.php\/wp-json\/wp\/v2\/types\/page"}],"author":[{"embeddable":true,"href":"https:\/\/chefamadeoandorra.com\/index.php\/wp-json\/wp\/v2\/users\/1"}],"replies":[{"embeddable":true,"href":"https:\/\/chefamadeoandorra.com\/index.php\/wp-json\/wp\/v2\/comments?post=8"}],"version-history":[{"count":5,"href":"https:\/\/chefamadeoandorra.com\/index.php\/wp-json\/wp\/v2\/pages\/8\/revisions"}],"predecessor-version":[{"id":4501,"href":"https:\/\/chefamadeoandorra.com\/index.php\/wp-json\/wp\/v2\/pages\/8\/revisions\/4501"}],"wp:attachment":[{"href":"https:\/\/chefamadeoandorra.com\/index.php\/wp-json\/wp\/v2\/media?parent=8"}],"curies":[{"name":"wp","href":"https:\/\/api.w.org\/{rel}","templated":true}]}}